{"id":169,"date":"2022-01-04T00:18:04","date_gmt":"2022-01-03T23:18:04","guid":{"rendered":"http:\/\/127.0.0.1:10080\/wordpress\/?post_type=product&#038;p=169"},"modified":"2025-11-06T11:47:42","modified_gmt":"2025-11-06T11:47:42","slug":"solo-yo-me-salvo","status":"publish","type":"product","link":"https:\/\/www.ediciones-valnera.com\/?product=solo-yo-me-salvo","title":{"rendered":"Solo yo me salvo"},"content":{"rendered":"<p>Un buen d\u00eda de mediados del siglo xxi, en la Rep\u00fablica Tolerante de Espa\u00f1a, el nonagenario fraile Malaqu\u00edas Winkle, que ha vivido recluido en los \u00faltimos a\u00f1os, despierta acusado de no haber comparecido a la eutanasia reglamentaria que tod@ ciudadan@ debe practicar a la edad de 71 a\u00f1os. En las horas que transcurren durante los inevitables tr\u00e1mites burocr\u00e1ticos encaminados a aplicar esta elemental medida de igualdad, su anfitri\u00f3n\/a Cruz le gu\u00eda en su descenso a un dantesco purgatorio postmoderno, donde comprueba c\u00f3mo han evolucionado la infancia y juventud, la educaci\u00f3n, la pol\u00edtica, la \u00e9tica, la religi\u00f3n, el lenguaje o la opini\u00f3n p\u00fablica en las \u00faltimas d\u00e9cadas. La excepcionalidad de su caso se convierte en motivo de esc\u00e1ndalo entre los sectores m\u00e1s concienciados de la sociedad, y la tercera fuerza pol\u00edtica del pa\u00eds, IU (Islam Unido), se plantea utilizarlo como moneda de cambio para chantajear al gobierno.<\/p>\n","protected":false},"excerpt":{"rendered":"<p class=\"just\"><i>Solo yo me salvo<\/i>\u00a0es una s\u00e1tira futurista en clave de humor reducido al absurdo, que imagina una Espa\u00f1a no muy lejana en la que tod@s l@s ciudadan@s han recibido una esmerada educaci\u00f3n en valores.<\/p>\n<p class=\"just\">La novelita se acompa\u00f1a de siete relatos en orden inverso de extensi\u00f3n, en los que conocemos los dilemas de un eterno opositor, asistimos a una pel\u00edcula de la Disney, comprobamos la resistencia de un universitario a donar sangre, nos enzarzamos en debates metaf\u00edsicos de tasca, nos solidarizamos con los esfuerzos del profeta Jon\u00e1s por encontrar editor, o presenciamos la angustia del peque\u00f1o empresario que quiz\u00e1 deba cerrar su negocio.<\/p>\n","protected":false},"featured_media":677,"comment_status":"closed","ping_status":"closed","template":"","meta":[],"product_brand":[],"product_cat":[111],"product_tag":[28],"class_list":{"0":"post-169","1":"product","2":"type-product","3":"status-publish","4":"has-post-thumbnail","6":"product_cat-valnera-literaria-2","7":"product_tag-carlos-villar","9":"first","10":"instock","11":"shipping-taxable","12":"product-type-external"},"_links":{"self":[{"href":"https:\/\/www.ediciones-valnera.com\/index.php?rest_route=\/wp\/v2\/product\/169","targetHints":{"allow":["GET"]}}],"collection":[{"href":"https:\/\/www.ediciones-valnera.com\/index.php?rest_route=\/wp\/v2\/product"}],"about":[{"href":"https:\/\/www.ediciones-valnera.com\/index.php?rest_route=\/wp\/v2\/types\/product"}],"replies":[{"embeddable":true,"href":"https:\/\/www.ediciones-valnera.com\/index.php?rest_route=%2Fwp%2Fv2%2Fcomments&post=169"}],"wp:featuredmedia":[{"embeddable":true,"href":"https:\/\/www.ediciones-valnera.com\/index.php?rest_route=\/wp\/v2\/media\/677"}],"wp:attachment":[{"href":"https:\/\/www.ediciones-valnera.com\/index.php?rest_route=%2Fwp%2Fv2%2Fmedia&parent=169"}],"wp:term":[{"taxonomy":"product_brand","embeddable":true,"href":"https:\/\/www.ediciones-valnera.com\/index.php?rest_route=%2Fwp%2Fv2%2Fproduct_brand&post=169"},{"taxonomy":"product_cat","embeddable":true,"href":"https:\/\/www.ediciones-valnera.com\/index.php?rest_route=%2Fwp%2Fv2%2Fproduct_cat&post=169"},{"taxonomy":"product_tag","embeddable":true,"href":"https:\/\/www.ediciones-valnera.com\/index.php?rest_route=%2Fwp%2Fv2%2Fproduct_tag&post=169"}],"curies":[{"name":"wp","href":"https:\/\/api.w.org\/{rel}","templated":true}]}}