{"id":157,"date":"2009-04-03T23:57:10","date_gmt":"2009-04-03T23:57:10","guid":{"rendered":"http:\/\/127.0.0.1:10080\/wordpress\/?post_type=product&#038;p=157"},"modified":"2022-02-08T23:07:35","modified_gmt":"2022-02-08T23:07:35","slug":"vidas-que-cuentan","status":"publish","type":"product","link":"https:\/\/www.ediciones-valnera.com\/?product=vidas-que-cuentan","title":{"rendered":"Vidas que cuentan"},"content":{"rendered":"","protected":false},"excerpt":{"rendered":"<p class=\"just\">Dieciocho escritores y trece artistas gr\u00e1ficos le han puesto voz e im\u00e1genes a las diecinueve historias que aparecen reflejadas en este libro, los ingresos de cuya venta ir\u00e1n destinados a la Cocina Econ\u00f3mica de Santander.<\/p>\n<p class=\"just\">Son las vivencias de unas personas que siguen aferr\u00e1ndose a la vida con fuerza \u2013aunque \u00e9sta les haya mostrado m\u00e1s de una vez su peor cara\u2013 porque mantienen la esperanza de poder levantarse y salir a flote.<\/p>\n<p class=\"just\">Sus protagonistas coinciden unas horas al d\u00eda en la Cocina Econ\u00f3mica de Santander, lugar de acogida donde alimentan el cuerpo y, en ocasiones, tambi\u00e9n confortan su esp\u00edritu con el calor de la conversaci\u00f3n y el afecto, que no son sustentos menos importantes. Hasta ese centro de solidaridad se han acercado los escritores de estas cr\u00f3nicas para ganar la confianza, y en m\u00e1s de una ocasi\u00f3n la amistad, de unas personas que tienen sobrados motivos para la desconfianza. Una vez vencidas las reticencias, todos han aceptado el reto de echar la vista atr\u00e1s y escarbar en las heridas de sus vidas.<\/p>\n<p class=\"just\">\u00abTe cuento para que me tengan en cuenta\u00bb parecen decirnos. Porque todos, en su fondo m\u00e1s \u00edntimo, tienen la sensaci\u00f3n, casi la certeza, de que pretendemos apartarlos hasta convertirlos en nada. Y que ahora s\u00f3lo son sombras inc\u00f3modas. Sombras que azuzan nuestra conciencia ciudadana. Sombras que apagan el falso brillo de nuestra sociedad de consumo.<\/p>\n","protected":false},"featured_media":683,"comment_status":"closed","ping_status":"closed","template":"","meta":[],"product_brand":[],"product_cat":[94],"product_tag":[33],"class_list":{"0":"post-157","1":"product","2":"type-product","3":"status-publish","4":"has-post-thumbnail","6":"product_cat-varia","7":"product_tag-ediciones-institucionales","9":"first","10":"instock","11":"shipping-taxable","12":"product-type-external"},"_links":{"self":[{"href":"https:\/\/www.ediciones-valnera.com\/index.php?rest_route=\/wp\/v2\/product\/157","targetHints":{"allow":["GET"]}}],"collection":[{"href":"https:\/\/www.ediciones-valnera.com\/index.php?rest_route=\/wp\/v2\/product"}],"about":[{"href":"https:\/\/www.ediciones-valnera.com\/index.php?rest_route=\/wp\/v2\/types\/product"}],"replies":[{"embeddable":true,"href":"https:\/\/www.ediciones-valnera.com\/index.php?rest_route=%2Fwp%2Fv2%2Fcomments&post=157"}],"wp:featuredmedia":[{"embeddable":true,"href":"https:\/\/www.ediciones-valnera.com\/index.php?rest_route=\/wp\/v2\/media\/683"}],"wp:attachment":[{"href":"https:\/\/www.ediciones-valnera.com\/index.php?rest_route=%2Fwp%2Fv2%2Fmedia&parent=157"}],"wp:term":[{"taxonomy":"product_brand","embeddable":true,"href":"https:\/\/www.ediciones-valnera.com\/index.php?rest_route=%2Fwp%2Fv2%2Fproduct_brand&post=157"},{"taxonomy":"product_cat","embeddable":true,"href":"https:\/\/www.ediciones-valnera.com\/index.php?rest_route=%2Fwp%2Fv2%2Fproduct_cat&post=157"},{"taxonomy":"product_tag","embeddable":true,"href":"https:\/\/www.ediciones-valnera.com\/index.php?rest_route=%2Fwp%2Fv2%2Fproduct_tag&post=157"}],"curies":[{"name":"wp","href":"https:\/\/api.w.org\/{rel}","templated":true}]}}